{"id":425,"date":"2016-10-11T17:05:27","date_gmt":"2016-10-11T16:05:27","guid":{"rendered":"http:\/\/www.facal.eu\/?p=425"},"modified":"2022-02-22T10:07:47","modified_gmt":"2022-02-22T09:07:47","slug":"universidade-de-jussieu-paris-facal","status":"publish","type":"cpt_projectos","link":"https:\/\/www.facal.pt\/pt\/portfolio\/universidade-de-jussieu-paris-facal\/","title":{"rendered":"Universidade de Jussieu &#8211; Paris"},"content":{"rendered":"\n<figure class=\"wp-block-gallery columns-3 is-cropped wp-block-gallery-1 is-layout-flex wp-block-gallery-is-layout-flex\"><ul class=\"blocks-gallery-grid\"><li class=\"blocks-gallery-item\"><figure><img loading=\"lazy\" decoding=\"async\" width=\"2350\" height=\"1322\" src=\"https:\/\/www.facal.pt\/wp-content\/uploads\/2021\/10\/Facal_Campus_de_Jussieu_Paris-2350x1322.jpg\" alt=\"FACAL Universidade de Jussieu - Paris\" data-id=\"2317\" data-full-url=\"https:\/\/www.facal.pt\/wp-content\/uploads\/2021\/10\/Facal_Campus_de_Jussieu_Paris.jpg\" data-link=\"https:\/\/www.facal.pt\/pt\/portfolio\/universidade-de-jussieu\/facal_campus_de_jussieu_paris\/\" class=\"wp-image-2317\" srcset=\"https:\/\/www.facal.pt\/wp-content\/uploads\/2021\/10\/Facal_Campus_de_Jussieu_Paris-2350x1322.jpg 2350w, https:\/\/www.facal.pt\/wp-content\/uploads\/2021\/10\/Facal_Campus_de_Jussieu_Paris-600x337.jpg 600w, https:\/\/www.facal.pt\/wp-content\/uploads\/2021\/10\/Facal_Campus_de_Jussieu_Paris-300x169.jpg 300w, https:\/\/www.facal.pt\/wp-content\/uploads\/2021\/10\/Facal_Campus_de_Jussieu_Paris-768x432.jpg 768w, https:\/\/www.facal.pt\/wp-content\/uploads\/2021\/10\/Facal_Campus_de_Jussieu_Paris-1536x864.jpg 1536w, https:\/\/www.facal.pt\/wp-content\/uploads\/2021\/10\/Facal_Campus_de_Jussieu_Paris-2048x1152.jpg 2048w\" sizes=\"auto, (max-width: 2350px) 100vw, 2350px\" \/><\/figure><\/li><li class=\"blocks-gallery-item\"><figure><img loading=\"lazy\" decoding=\"async\" width=\"881\" height=\"1322\" src=\"https:\/\/www.facal.pt\/wp-content\/uploads\/2021\/10\/Universidade-de-Jussieu-881x1322.jpg\" alt=\"FACAL Universidade de Jussieu - Paris\" data-id=\"2318\" data-full-url=\"https:\/\/www.facal.pt\/wp-content\/uploads\/2021\/10\/Universidade-de-Jussieu-scaled.jpg\" data-link=\"https:\/\/www.facal.pt\/pt\/portfolio\/universidade-de-jussieu\/universidade-de-jussieu-2\/\" class=\"wp-image-2318\" srcset=\"https:\/\/www.facal.pt\/wp-content\/uploads\/2021\/10\/Universidade-de-Jussieu-881x1322.jpg 881w, https:\/\/www.facal.pt\/wp-content\/uploads\/2021\/10\/Universidade-de-Jussieu-225x337.jpg 225w, https:\/\/www.facal.pt\/wp-content\/uploads\/2021\/10\/Universidade-de-Jussieu-768x1152.jpg 768w, https:\/\/www.facal.pt\/wp-content\/uploads\/2021\/10\/Universidade-de-Jussieu-1024x1536.jpg 1024w, https:\/\/www.facal.pt\/wp-content\/uploads\/2021\/10\/Universidade-de-Jussieu-1365x2048.jpg 1365w, https:\/\/www.facal.pt\/wp-content\/uploads\/2021\/10\/Universidade-de-Jussieu-scaled.jpg 1707w\" sizes=\"auto, (max-width: 881px) 100vw, 881px\" \/><\/figure><\/li><li class=\"blocks-gallery-item\"><figure><img loading=\"lazy\" decoding=\"async\" width=\"2350\" height=\"1322\" src=\"https:\/\/www.facal.pt\/wp-content\/uploads\/2021\/10\/Facal-Universidade-de-Jussieu-Paris-2350x1322.jpg\" alt=\"FACAL Universidade de Jussieu - Paris\" data-id=\"2320\" data-full-url=\"https:\/\/www.facal.pt\/wp-content\/uploads\/2021\/10\/Facal-Universidade-de-Jussieu-Paris.jpg\" data-link=\"https:\/\/www.facal.pt\/pt\/portfolio\/universidade-de-jussieu\/facal-universidade-de-jussieu-paris\/\" class=\"wp-image-2320\" srcset=\"https:\/\/www.facal.pt\/wp-content\/uploads\/2021\/10\/Facal-Universidade-de-Jussieu-Paris-2350x1322.jpg 2350w, https:\/\/www.facal.pt\/wp-content\/uploads\/2021\/10\/Facal-Universidade-de-Jussieu-Paris-600x337.jpg 600w, https:\/\/www.facal.pt\/wp-content\/uploads\/2021\/10\/Facal-Universidade-de-Jussieu-Paris-300x169.jpg 300w, https:\/\/www.facal.pt\/wp-content\/uploads\/2021\/10\/Facal-Universidade-de-Jussieu-Paris-768x432.jpg 768w, https:\/\/www.facal.pt\/wp-content\/uploads\/2021\/10\/Facal-Universidade-de-Jussieu-Paris-1536x864.jpg 1536w, https:\/\/www.facal.pt\/wp-content\/uploads\/2021\/10\/Facal-Universidade-de-Jussieu-Paris-2048x1152.jpg 2048w\" sizes=\"auto, (max-width: 2350px) 100vw, 2350px\" \/><\/figure><\/li><\/ul><\/figure>\n\n\n<h1 class=\"wp-block-post-title\">Universidade de Jussieu &#8211; Paris<\/h1>\n\n\n<h2 class=\"wp-block-heading\">Facal constr\u00f3i&nbsp;na Universidade de Jussieu.<\/h2>\n\n\n\n<p><a href=\"https:\/\/www.facal.pt\/pt\/portfolio\/\" target=\"_blank\" data-type=\"URL\" data-id=\"https:\/\/www.facal.pt\/pt\/portfolio\/\" rel=\"noreferrer noopener\">Facal<\/a> participou na constru\u00e7\u00e3o de dois edif\u00edcios na Universidade de Jussieu, realizado pelo gabinete arquitet\u00f3nico <a href=\"http:\/\/www.reichen-robert.fr\">Reichen et Robert &#038; Associ\u00e9s<\/a>. Situado a uma curta dist\u00e2ncia da Catedral de Notre Dame. Sem d\u00favida uma importante reabilita\u00e7\u00e3o que atende dois objetivos, respeito e valoriza\u00e7\u00e3o do trabalho do arquiteto Edouard Albert.<\/p>\n","protected":false},"author":1,"featured_media":2317,"parent":0,"menu_order":32,"comment_status":"open","ping_status":"open","template":"pages\/wp_projectos.php","projectos-categorias":[10,11],"class_list":["post-425","cpt_projectos","type-cpt_projectos","status-publish","has-post-thumbnail","hentry","projectos-categorias-noticias","projectos-categorias-portfolio"],"_links":{"self":[{"href":"https:\/\/www.facal.pt\/pt\/wp-json\/wp\/v2\/cpt_projectos\/425","targetHints":{"allow":["GET"]}}],"collection":[{"href":"https:\/\/www.facal.pt\/pt\/wp-json\/wp\/v2\/cpt_projectos"}],"about":[{"href":"https:\/\/www.facal.pt\/pt\/wp-json\/wp\/v2\/types\/cpt_projectos"}],"author":[{"embeddable":true,"href":"https:\/\/www.facal.pt\/pt\/wp-json\/wp\/v2\/users\/1"}],"replies":[{"embeddable":true,"href":"https:\/\/www.facal.pt\/pt\/wp-json\/wp\/v2\/comments?post=425"}],"wp:featuredmedia":[{"embeddable":true,"href":"https:\/\/www.facal.pt\/pt\/wp-json\/wp\/v2\/media\/2317"}],"wp:attachment":[{"href":"https:\/\/www.facal.pt\/pt\/wp-json\/wp\/v2\/media?parent=425"}],"wp:term":[{"taxonomy":"projectos-categorias","embeddable":true,"href":"https:\/\/www.facal.pt\/pt\/wp-json\/wp\/v2\/projectos-categorias?post=425"}],"curies":[{"name":"wp","href":"https:\/\/api.w.org\/{rel}","templated":true}]}}