{"id":358,"date":"2016-10-07T16:25:53","date_gmt":"2016-10-07T15:25:53","guid":{"rendered":"http:\/\/www.facal.eu\/?p=358"},"modified":"2022-02-22T09:43:59","modified_gmt":"2022-02-22T08:43:59","slug":"ministerio-da-defesa-frances-facal","status":"publish","type":"cpt_projectos","link":"https:\/\/www.facal.pt\/pt\/portfolio\/ministerio-da-defesa-frances-facal\/","title":{"rendered":"Minist\u00e9rio da Defesa Franc\u00eas &#8211; Paris"},"content":{"rendered":"\n<figure class=\"wp-block-gallery columns-3 is-cropped wp-block-gallery-1 is-layout-flex wp-block-gallery-is-layout-flex\"><ul class=\"blocks-gallery-grid\"><li class=\"blocks-gallery-item\"><figure><img loading=\"lazy\" decoding=\"async\" width=\"2350\" height=\"1322\" src=\"https:\/\/www.facal.pt\/wp-content\/uploads\/2021\/10\/Facal-Misisterio-da-Defesa-Frances-Paris-1-2350x1322.jpg\" alt=\"FACAL_Minist\u00e9rio da Defesa Franc\u00eas - Paris\" data-id=\"2333\" data-full-url=\"https:\/\/www.facal.pt\/wp-content\/uploads\/2021\/10\/Facal-Misisterio-da-Defesa-Frances-Paris-1.jpg\" data-link=\"https:\/\/www.facal.pt\/pt\/portfolio\/ministerio-da-defesa-frances\/facal-misisterio-da-defesa-frances-paris-1\/\" class=\"wp-image-2333\" srcset=\"https:\/\/www.facal.pt\/wp-content\/uploads\/2021\/10\/Facal-Misisterio-da-Defesa-Frances-Paris-1-2350x1322.jpg 2350w, https:\/\/www.facal.pt\/wp-content\/uploads\/2021\/10\/Facal-Misisterio-da-Defesa-Frances-Paris-1-600x337.jpg 600w, https:\/\/www.facal.pt\/wp-content\/uploads\/2021\/10\/Facal-Misisterio-da-Defesa-Frances-Paris-1-300x169.jpg 300w, https:\/\/www.facal.pt\/wp-content\/uploads\/2021\/10\/Facal-Misisterio-da-Defesa-Frances-Paris-1-768x432.jpg 768w, https:\/\/www.facal.pt\/wp-content\/uploads\/2021\/10\/Facal-Misisterio-da-Defesa-Frances-Paris-1-1536x864.jpg 1536w, https:\/\/www.facal.pt\/wp-content\/uploads\/2021\/10\/Facal-Misisterio-da-Defesa-Frances-Paris-1-2048x1152.jpg 2048w\" sizes=\"auto, (max-width: 2350px) 100vw, 2350px\" \/><\/figure><\/li><li class=\"blocks-gallery-item\"><figure><img loading=\"lazy\" decoding=\"async\" width=\"2350\" height=\"1322\" src=\"https:\/\/www.facal.pt\/wp-content\/uploads\/2021\/10\/Facal-_Misisterio-da-Defesa-Frances-Paris-2350x1322.jpg\" alt=\"FACAL_Minist\u00e9rio da Defesa Franc\u00eas - Paris\" data-id=\"2332\" data-full-url=\"https:\/\/www.facal.pt\/wp-content\/uploads\/2021\/10\/Facal-_Misisterio-da-Defesa-Frances-Paris.jpg\" data-link=\"https:\/\/www.facal.pt\/pt\/portfolio\/ministerio-da-defesa-frances\/olympus-digital-camera\/\" class=\"wp-image-2332\" srcset=\"https:\/\/www.facal.pt\/wp-content\/uploads\/2021\/10\/Facal-_Misisterio-da-Defesa-Frances-Paris-2350x1322.jpg 2350w, https:\/\/www.facal.pt\/wp-content\/uploads\/2021\/10\/Facal-_Misisterio-da-Defesa-Frances-Paris-600x337.jpg 600w, https:\/\/www.facal.pt\/wp-content\/uploads\/2021\/10\/Facal-_Misisterio-da-Defesa-Frances-Paris-300x169.jpg 300w, https:\/\/www.facal.pt\/wp-content\/uploads\/2021\/10\/Facal-_Misisterio-da-Defesa-Frances-Paris-768x432.jpg 768w, https:\/\/www.facal.pt\/wp-content\/uploads\/2021\/10\/Facal-_Misisterio-da-Defesa-Frances-Paris-1536x864.jpg 1536w, https:\/\/www.facal.pt\/wp-content\/uploads\/2021\/10\/Facal-_Misisterio-da-Defesa-Frances-Paris-2048x1152.jpg 2048w\" sizes=\"auto, (max-width: 2350px) 100vw, 2350px\" \/><\/figure><\/li><li class=\"blocks-gallery-item\"><figure><img loading=\"lazy\" decoding=\"async\" width=\"720\" height=\"405\" src=\"https:\/\/www.facal.pt\/wp-content\/uploads\/2021\/10\/Facal_-_Misisterio-da-Defesa-Frances-Paris.jpg\" alt=\"FACAL_Minist\u00e9rio da Defesa Franc\u00eas - Paris\" data-id=\"2331\" data-full-url=\"https:\/\/www.facal.pt\/wp-content\/uploads\/2021\/10\/Facal_-_Misisterio-da-Defesa-Frances-Paris.jpg\" data-link=\"https:\/\/www.facal.pt\/pt\/portfolio\/ministerio-da-defesa-frances\/20140827_lz\/\" class=\"wp-image-2331\" srcset=\"https:\/\/www.facal.pt\/wp-content\/uploads\/2021\/10\/Facal_-_Misisterio-da-Defesa-Frances-Paris.jpg 720w, https:\/\/www.facal.pt\/wp-content\/uploads\/2021\/10\/Facal_-_Misisterio-da-Defesa-Frances-Paris-600x337.jpg 600w, https:\/\/www.facal.pt\/wp-content\/uploads\/2021\/10\/Facal_-_Misisterio-da-Defesa-Frances-Paris-300x169.jpg 300w\" sizes=\"auto, (max-width: 720px) 100vw, 720px\" \/><\/figure><\/li><li class=\"blocks-gallery-item\"><figure><img loading=\"lazy\" decoding=\"async\" width=\"1400\" height=\"788\" src=\"https:\/\/www.facal.pt\/wp-content\/uploads\/2021\/10\/Facal-Misisterio-da-Defesa-Frances-Paris.jpg\" alt=\"FACAL_Minist\u00e9rio da Defesa Franc\u00eas - Paris\" data-id=\"2330\" data-full-url=\"https:\/\/www.facal.pt\/wp-content\/uploads\/2021\/10\/Facal-Misisterio-da-Defesa-Frances-Paris.jpg\" data-link=\"https:\/\/www.facal.pt\/pt\/portfolio\/ministerio-da-defesa-frances\/facal-misisterio-da-defesa-frances-paris\/\" class=\"wp-image-2330\" srcset=\"https:\/\/www.facal.pt\/wp-content\/uploads\/2021\/10\/Facal-Misisterio-da-Defesa-Frances-Paris.jpg 1400w, https:\/\/www.facal.pt\/wp-content\/uploads\/2021\/10\/Facal-Misisterio-da-Defesa-Frances-Paris-600x337.jpg 600w, https:\/\/www.facal.pt\/wp-content\/uploads\/2021\/10\/Facal-Misisterio-da-Defesa-Frances-Paris-300x169.jpg 300w, https:\/\/www.facal.pt\/wp-content\/uploads\/2021\/10\/Facal-Misisterio-da-Defesa-Frances-Paris-768x432.jpg 768w\" sizes=\"auto, (max-width: 1400px) 100vw, 1400px\" \/><\/figure><\/li><\/ul><\/figure>\n\n\n<h1 class=\"wp-block-post-title\">Minist\u00e9rio da Defesa Franc\u00eas &#8211; Paris<\/h1>\n\n\n<h2 class=\"wp-block-heading\">Facal participou na constru\u00e7\u00e3o da sede do Minist\u00e9rio da Defesa Franc\u00eas.<\/h2>\n\n\n\n<p><a href=\"https:\/\/www.facal.pt\/pt\/portfolio\/\" target=\"_blank\" data-type=\"URL\" data-id=\"https:\/\/www.facal.pt\/pt\/portfolio\/\" rel=\"noreferrer noopener\">Facal<\/a> participou na constru\u00e7\u00e3o da sede do Minist\u00e9rio de Defesa Franc\u00eas, localizado em Balard, na extremidade sudoeste de Paris.<\/p>\n\n\n\n<p>Em parceria com a Bouygues Construction, a Facal realizou o projeto concebido pelo gabinete <a href=\"http:\/\/www.a234.fr\/architecture\/projects\/rehabilitation-de-la-cite-de-lair-ministere-de-la-defense-a-balardparisxveme\/\">2\/3\/4 Architecture<\/a>.<\/p>\n","protected":false},"author":1,"featured_media":2333,"parent":0,"menu_order":29,"comment_status":"open","ping_status":"open","template":"pages\/wp_projectos.php","projectos-categorias":[10,11],"class_list":["post-358","cpt_projectos","type-cpt_projectos","status-publish","has-post-thumbnail","hentry","projectos-categorias-noticias","projectos-categorias-portfolio"],"_links":{"self":[{"href":"https:\/\/www.facal.pt\/pt\/wp-json\/wp\/v2\/cpt_projectos\/358","targetHints":{"allow":["GET"]}}],"collection":[{"href":"https:\/\/www.facal.pt\/pt\/wp-json\/wp\/v2\/cpt_projectos"}],"about":[{"href":"https:\/\/www.facal.pt\/pt\/wp-json\/wp\/v2\/types\/cpt_projectos"}],"author":[{"embeddable":true,"href":"https:\/\/www.facal.pt\/pt\/wp-json\/wp\/v2\/users\/1"}],"replies":[{"embeddable":true,"href":"https:\/\/www.facal.pt\/pt\/wp-json\/wp\/v2\/comments?post=358"}],"wp:featuredmedia":[{"embeddable":true,"href":"https:\/\/www.facal.pt\/pt\/wp-json\/wp\/v2\/media\/2333"}],"wp:attachment":[{"href":"https:\/\/www.facal.pt\/pt\/wp-json\/wp\/v2\/media?parent=358"}],"wp:term":[{"taxonomy":"projectos-categorias","embeddable":true,"href":"https:\/\/www.facal.pt\/pt\/wp-json\/wp\/v2\/projectos-categorias?post=358"}],"curies":[{"name":"wp","href":"https:\/\/api.w.org\/{rel}","templated":true}]}}