{"id":757,"date":"2016-11-03T17:08:36","date_gmt":"2016-11-03T16:08:36","guid":{"rendered":"http:\/\/www.facal.eu\/?p=757"},"modified":"2022-02-22T12:19:12","modified_gmt":"2022-02-22T11:19:12","slug":"nova-sede-da-fundacao-champalimaud-facal","status":"publish","type":"cpt_projectos","link":"https:\/\/www.facal.pt\/fr\/noticias\/nova-sede-da-fundacao-champalimaud-facal\/","title":{"rendered":"FACAL Consulting &#8211; Le nouveau si\u00e8ge de la Fondation Champalimaud"},"content":{"rendered":"\n<figure class=\"wp-block-image size-large\"><img loading=\"lazy\" decoding=\"async\" width=\"2348\" height=\"1322\" src=\"https:\/\/www.facal.pt\/wp-content\/uploads\/2016\/11\/Facal_champalimaud_foundation_ftprmjm011008_1fi-2348x1322.jpg\" alt=\"\" class=\"wp-image-2269\" srcset=\"https:\/\/www.facal.pt\/wp-content\/uploads\/2016\/11\/Facal_champalimaud_foundation_ftprmjm011008_1fi-2348x1322.jpg 2348w, https:\/\/www.facal.pt\/wp-content\/uploads\/2016\/11\/Facal_champalimaud_foundation_ftprmjm011008_1fi-600x337.jpg 600w, https:\/\/www.facal.pt\/wp-content\/uploads\/2016\/11\/Facal_champalimaud_foundation_ftprmjm011008_1fi-300x169.jpg 300w, https:\/\/www.facal.pt\/wp-content\/uploads\/2016\/11\/Facal_champalimaud_foundation_ftprmjm011008_1fi-768x432.jpg 768w, https:\/\/www.facal.pt\/wp-content\/uploads\/2016\/11\/Facal_champalimaud_foundation_ftprmjm011008_1fi-1536x865.jpg 1536w, https:\/\/www.facal.pt\/wp-content\/uploads\/2016\/11\/Facal_champalimaud_foundation_ftprmjm011008_1fi-2048x1153.jpg 2048w\" sizes=\"auto, (max-width: 2348px) 100vw, 2348px\" \/><\/figure>\n\n\n<h1 class=\"wp-block-post-title\">FACAL Consulting &#8211; Le nouveau si\u00e8ge de la Fondation Champalimaud<\/h1>\n\n\n<h2 class=\"wp-block-heading\">FACAL Consulting a \u00e9t\u00e9 sollicit\u00e9 par la Fondation Champalimaud pour son expertise en conseils dans le secteur des fa\u00e7ades.<\/h2>\n\n\n\n<p>Compte tenu de la complexit\u00e9 de ce chantier, <a href=\"https:\/\/www.facal.pt\/fr\/portfolio\/\" target=\"_blank\" data-type=\"URL\" data-id=\"https:\/\/www.facal.pt\/fr\/portfolio\/\" rel=\"noreferrer noopener\">FACAL<\/a> Consulting a \u00e9t\u00e9 sollicit\u00e9 par la Fondation Champalimaud pour son expertise en conseils dans le secteur des fa\u00e7ades.<\/p>\n\n\n\n<p>Ce projet est con\u00e7u par le cabinet:\u00a0<a href=\"http:\/\/www.charlescorrea.net\/\">Charles Correa<\/a><\/p>\n","protected":false},"author":1,"featured_media":2269,"parent":0,"menu_order":45,"comment_status":"open","ping_status":"open","template":"pages\/wp_projectos.php","projectos-categorias":[10],"class_list":["post-757","cpt_projectos","type-cpt_projectos","status-publish","has-post-thumbnail","hentry","projectos-categorias-noticias"],"_links":{"self":[{"href":"https:\/\/www.facal.pt\/fr\/wp-json\/wp\/v2\/cpt_projectos\/757","targetHints":{"allow":["GET"]}}],"collection":[{"href":"https:\/\/www.facal.pt\/fr\/wp-json\/wp\/v2\/cpt_projectos"}],"about":[{"href":"https:\/\/www.facal.pt\/fr\/wp-json\/wp\/v2\/types\/cpt_projectos"}],"author":[{"embeddable":true,"href":"https:\/\/www.facal.pt\/fr\/wp-json\/wp\/v2\/users\/1"}],"replies":[{"embeddable":true,"href":"https:\/\/www.facal.pt\/fr\/wp-json\/wp\/v2\/comments?post=757"}],"wp:featuredmedia":[{"embeddable":true,"href":"https:\/\/www.facal.pt\/fr\/wp-json\/wp\/v2\/media\/2269"}],"wp:attachment":[{"href":"https:\/\/www.facal.pt\/fr\/wp-json\/wp\/v2\/media?parent=757"}],"wp:term":[{"taxonomy":"projectos-categorias","embeddable":true,"href":"https:\/\/www.facal.pt\/fr\/wp-json\/wp\/v2\/projectos-categorias?post=757"}],"curies":[{"name":"wp","href":"https:\/\/api.w.org\/{rel}","templated":true}]}}